{"id":3141,"date":"2024-07-24T16:27:59","date_gmt":"2024-07-24T15:27:59","guid":{"rendered":"https:\/\/ecole-musique-farkas.ch\/home\/"},"modified":"2024-07-24T17:12:17","modified_gmt":"2024-07-24T16:12:17","slug":"home","status":"publish","type":"page","link":"https:\/\/ecole-musique-farkas.ch\/de\/","title":{"rendered":"Home"},"content":{"rendered":"<div class=\"wpb-content-wrapper\"><p>[vc_row type=&#8221;vc_default&#8221; css=&#8221;.vc_custom_1651002866025{margin-top: 24px !important;}&#8221;][vc_column][vc_cta h2=&#8221;Live Konzert in der Musikschule Farkas&#8221; h4=&#8221;Kommen Sie zahlreich&#8221; txt_align=&#8221;center&#8221; style=&#8221;outline&#8221; color=&#8221;black&#8221; el_width=&#8221;xl&#8221; add_button=&#8221;bottom&#8221; btn_title=&#8221;MEHR ERFAHREN +&#8221; btn_style=&#8221;3d&#8221; btn_color=&#8221;danger&#8221; btn_size=&#8221;lg&#8221; btn_align=&#8221;center&#8221; btn_css_animation=&#8221;none&#8221; add_icon=&#8221;top&#8221; i_icon_fontawesome=&#8221;fas fa-music&#8221; i_color=&#8221;custom&#8221; i_size=&#8221;xl&#8221; css=&#8221;.vc_custom_1721823273328{border-top-width: 6px !important;border-right-width: 6px !important;border-bottom-width: 6px !important;border-left-width: 6px !important;padding-top: 16px !important;padding-right: 16px !important;padding-bottom: 16px !important;padding-left: 16px !important;background-color: #ffcccc !important;border-left-style: dotted !important;border-right-style: dotted !important;border-top-style: dotted !important;border-bottom-style: dotted !important;border-radius: 10px !important;border-color: #b72a2a !important;}&#8221; i_custom_color=&#8221;#dd3333&#8243; btn_link=&#8221;url:https%3A%2F%2Fecole-musique-farkas.ch%2Fles-concerts-live-a-lecole%2F|title:Unsere%20Kurse|&#8221;]den 23. und 30. Juni 2024 Ort: Route du Stadtberg 1, 1700 Fribourg Sch\u00fclerkonzert[\/vc_cta][vc_row_inner][vc_column_inner]<div class=\"ult-spacer spacer-6a9665a3c01da\" data-id=\"6a9665a3c01da\" data-height=\"40\" data-height-mobile=\"40\" data-height-tab=\"40\" data-height-tab-portrait=\"\" data-height-mobile-landscape=\"\" style=\"clear:both;display:block;\"><\/div>[\/vc_column_inner][vc_column_inner width=&#8221;1\/3&#8243;]<div class=\"dt-fancy-separator h3-size title-color accent-border-color\" style=\"width: 100%;\"><div class=\"dt-fancy-title\"><span class=\"separator-holder separator-left\"><\/span>KONZERT - 18.06.2023<span class=\"separator-holder separator-right\"><\/span><\/div><\/div>[vc_video link=&#8221;https:\/\/www.youtube.com\/watch?v=VMlsPXEjlJM&#8221; align=&#8221;center&#8221;]<div class=\"ult-spacer spacer-6a9665a3c0356\" data-id=\"6a9665a3c0356\" data-height=\"16\" data-height-mobile=\"16\" data-height-tab=\"16\" data-height-tab-portrait=\"\" data-height-mobile-landscape=\"\" style=\"clear:both;display:block;\"><\/div>[\/vc_column_inner][vc_column_inner width=&#8221;1\/3&#8243;]<div class=\"dt-fancy-separator h3-size title-color accent-border-color\" style=\"width: 100%;\"><div class=\"dt-fancy-title\"><span class=\"separator-holder separator-left\"><\/span>KONZERT - 25.06.2023<span class=\"separator-holder separator-right\"><\/span><\/div><\/div>[vc_video link=&#8221;https:\/\/youtu.be\/5hQi8YYVxLE&#8221; align=&#8221;center&#8221;]<div class=\"ult-spacer spacer-6a9665a3c0492\" data-id=\"6a9665a3c0492\" data-height=\"16\" data-height-mobile=\"16\" data-height-tab=\"16\" data-height-tab-portrait=\"\" data-height-mobile-landscape=\"\" style=\"clear:both;display:block;\"><\/div>[\/vc_column_inner][vc_column_inner width=&#8221;1\/3&#8243;]<div class=\"dt-fancy-separator h3-size title-color accent-border-color\" style=\"width: 100%;\"><div class=\"dt-fancy-title\"><span class=\"separator-holder separator-left\"><\/span>KONZERT - 02.07.2023<span class=\"separator-holder separator-right\"><\/span><\/div><\/div>[vc_video link=&#8221;https:\/\/www.youtube.com\/watch?v=bO9phTZ1-ck&#8221; align=&#8221;center&#8221;]<div class=\"ult-spacer spacer-6a9665a3c05ca\" data-id=\"6a9665a3c05ca\" data-height=\"16\" data-height-mobile=\"16\" data-height-tab=\"16\" data-height-tab-portrait=\"\" data-height-mobile-landscape=\"\" style=\"clear:both;display:block;\"><\/div>[\/vc_column_inner][\/vc_row_inner][\/vc_column][\/vc_row][vc_row type=&#8221;vc_default&#8221; full_width=&#8221;stretch_row&#8221; bg_type=&#8221;image&#8221; parallax_style=&#8221;vcpb-vz-jquery&#8221; bg_image_new=&#8221;id^2175|url^https:\/\/ecole-musique-farkas.ch\/newsite\/wp-content\/uploads\/2022\/04\/accueil-parralax3.jpg|caption^null|alt^null|title^accueil-parralax3|description^null&#8221; css=&#8221;.vc_custom_1649425635811{padding-bottom: 34px !important;}&#8221;][vc_column][vc_row_inner][vc_column_inner width=&#8221;1\/6&#8243;][\/vc_column_inner][vc_column_inner width=&#8221;2\/3&#8243;]<div id=\"ultimate-heading-22046a9665a3c06f2\" class=\"uvc-heading ult-adjust-bottom-margin ultimate-heading-22046a9665a3c06f2 uvc-2844  uvc-heading-default-font-sizes\" data-hspacer=\"line_only\"  data-halign=\"center\" style=\"text-align:center\"><div class=\"uvc-main-heading ult-responsive\"  data-ultimate-target='.uvc-heading.ultimate-heading-22046a9665a3c06f2 h2'  data-responsive-json-new='{\"font-size\":\"\",\"line-height\":\"\"}' ><h2 style=\"--font-weight:theme;\">Willkommen in unserer Musikschule<\/h2><\/div><div class=\"uvc-heading-spacer line_only\" style=\"margin-top:12px;margin-bottom:24px;height:2px;\"><span class=\"uvc-headings-line\" style=\"border-style:dashed;border-bottom-width:2px;border-color:#878787;width:450px;\"><\/span><\/div><div class=\"uvc-sub-heading ult-responsive\"  data-ultimate-target='.uvc-heading.ultimate-heading-22046a9665a3c06f2 .uvc-sub-heading '  data-responsive-json-new='{\"font-size\":\"\",\"line-height\":\"\"}'  style=\"font-weight:normal;margin-bottom:46px;\"><\/p>\n<p>Die Musikschule Farkas bietet eine gro\u00dfe Auswahl an Kursen und Live-Shows. Die Kurse sind an die Bed\u00fcrfnisse der Sch\u00fcler angepasst. Bei uns machen Sie schnelle Fortschritte, und spielen oder singen Lieder eigener Wahl, die Ihnen Freude machen. Sie haben auch die M\u00f6glichkeit, mit anderen Sch\u00fclern in der Schule an Konzertabenden, die wir das ganze Jahr \u00fcber organisieren, zu spielen. Also z\u00f6gern Sie nicht&#8230; Melden Sie sich bei uns<\/p>\n<p><\/div><\/div>[\/vc_column_inner][vc_column_inner width=&#8221;1\/6&#8243;][\/vc_column_inner][\/vc_row_inner][vc_row_inner][vc_column_inner width=&#8221;1\/3&#8243;]<div class=\"dt-fancy-separator h3-size title-color accent-border-color\" style=\"width: 100%;\"><div class=\"dt-fancy-title\"><span class=\"separator-holder separator-left\"><\/span>ENTDECKEN SIE UNSERE KURSE<span class=\"separator-holder separator-right\"><\/span><\/div><\/div><div class=\"ult-spacer spacer-6a9665a3c08b1\" data-id=\"6a9665a3c08b1\" data-height=\"16\" data-height-mobile=\"16\" data-height-tab=\"16\" data-height-tab-portrait=\"\" data-height-mobile-landscape=\"\" style=\"clear:both;display:block;\"><\/div><style type=\"text\/css\" data-type=\"the7_shortcodes-inline-css\">.shortcode-single-image-wrap.shortcode-single-image-ef4907033bf08de6ac0eba84cbed7ff7.enable-bg-rollover .rollover i,\n.shortcode-single-image-wrap.shortcode-single-image-ef4907033bf08de6ac0eba84cbed7ff7.enable-bg-rollover .rollover-video i {\n  background: -webkit-linear-gradient();\n  background: linear-gradient();\n}\n.shortcode-single-image-wrap.shortcode-single-image-ef4907033bf08de6ac0eba84cbed7ff7 .rollover-icon {\n  font-size: 70px;\n  color: rgba(255,255,255,0.59);\n  min-width: 70px;\n  min-height: 70px;\n  line-height: 70px;\n  border-radius: 100px;\n  border-style: solid;\n  border-width: 0px;\n}\n.dt-icon-bg-on.shortcode-single-image-wrap.shortcode-single-image-ef4907033bf08de6ac0eba84cbed7ff7 .rollover-icon {\n  background: rgba(255,255,255,0.3);\n  box-shadow: none;\n}<\/style><div class=\"shortcode-single-image-wrap shortcode-single-image-ef4907033bf08de6ac0eba84cbed7ff7 alignnone  vc_custom_1721055594535 enable-bg-rollover dt-icon-bg-off\" ><div class=\"shortcode-single-image\"><div class=\"fancy-media-wrap\" style=\"border-radius:10px;\"><a href=\"https:\/\/ecole-musique-farkas.ch\/cours09-19\/\" class=\" layzr-bg rollover\" style=\"border-radius:10px;\" aria-label=\"Image\"><img fetchpriority=\"high\" decoding=\"async\" class=\"preload-me lazy-load aspect\" src=\"data:image\/svg+xml,%3Csvg%20xmlns%3D&#39;http%3A%2F%2Fwww.w3.org%2F2000%2Fsvg&#39;%20viewBox%3D&#39;0%200%20390%20220&#39;%2F%3E\" data-src=\"https:\/\/ecole-musique-farkas.ch\/newsite\/wp-content\/uploads\/2019\/09\/cours-de-piano-390x220.png\" data-srcset=\"https:\/\/ecole-musique-farkas.ch\/newsite\/wp-content\/uploads\/2019\/09\/cours-de-piano-390x220.png 390w\" loading=\"eager\" style=\"--ratio: 390 \/ 220\" sizes=\"(max-width: 390px) 100vw, 390px\" width=\"390\" height=\"220\"  data-dt-location=\"https:\/\/ecole-musique-farkas.ch\/de\/cours09-19\/cours-de-piano\/\" alt=\"\" \/><span class=\"rollover-icon Defaults-eye\"><\/span><\/a><\/div><\/div><\/div><div class=\"ult-spacer spacer-6a9665a3c3429\" data-id=\"6a9665a3c3429\" data-height=\"16\" data-height-mobile=\"16\" data-height-tab=\"16\" data-height-tab-portrait=\"\" data-height-mobile-landscape=\"\" style=\"clear:both;display:block;\"><\/div>[vc_column_text css=&#8221;.vc_custom_1649669026089{padding-right: 16px !important;padding-left: 16px !important;}&#8221;]<\/p>\n<p>Gitarre, Keyboard, Bass, Singen, Dj, Rap, Sound Design und andere Kurse erwarten Sie in unserer Schule<\/p>\n<p>[\/vc_column_text][vc_btn title=&#8221;MEHR ERFAHREN +&#8221; color=&#8221;danger&#8221; align=&#8221;center&#8221; i_icon_fontawesome=&#8221;far fa-eye&#8221; add_icon=&#8221;true&#8221; link=&#8221;url:https%3A%2F%2Fecole-musique-farkas.ch%2Fcours09-19%2F|&#8221;][\/vc_column_inner][vc_column_inner width=&#8221;1\/3&#8243;]<div class=\"dt-fancy-separator h3-size title-color accent-border-color\" style=\"width: 100%;\"><div class=\"dt-fancy-title\"><span class=\"separator-holder separator-left\"><\/span>UNSERE EXZELLENTEN PROFESSOREN<span class=\"separator-holder separator-right\"><\/span><\/div><\/div><div class=\"ult-spacer spacer-6a9665a3c3562\" data-id=\"6a9665a3c3562\" data-height=\"16\" data-height-mobile=\"16\" data-height-tab=\"16\" data-height-tab-portrait=\"\" data-height-mobile-landscape=\"\" style=\"clear:both;display:block;\"><\/div><style type=\"text\/css\" data-type=\"the7_shortcodes-inline-css\">.shortcode-single-image-wrap.shortcode-single-image-122ab7929629783f7fb83904f3db0992.enable-bg-rollover .rollover i,\n.shortcode-single-image-wrap.shortcode-single-image-122ab7929629783f7fb83904f3db0992.enable-bg-rollover .rollover-video i {\n  background: -webkit-linear-gradient();\n  background: linear-gradient();\n}\n.shortcode-single-image-wrap.shortcode-single-image-122ab7929629783f7fb83904f3db0992 .rollover-icon {\n  font-size: 70px;\n  color: rgba(255,255,255,0.59);\n  min-width: 70px;\n  min-height: 70px;\n  line-height: 70px;\n  border-radius: 100px;\n  border-style: solid;\n  border-width: 0px;\n}\n.dt-icon-bg-on.shortcode-single-image-wrap.shortcode-single-image-122ab7929629783f7fb83904f3db0992 .rollover-icon {\n  background: rgba(255,255,255,0.3);\n  box-shadow: none;\n}<\/style><div class=\"shortcode-single-image-wrap shortcode-single-image-122ab7929629783f7fb83904f3db0992 alignnone  vc_custom_1649669095792 enable-bg-rollover dt-icon-bg-off\" ><div class=\"shortcode-single-image\"><div class=\"fancy-media-wrap\" style=\"border-radius:10px;\"><a href=\"https:\/\/ecole-musique-farkas.ch\/newsite\/les-profs\/\" class=\" layzr-bg rollover\" style=\"border-radius:10px;\" aria-label=\"Image\"><img decoding=\"async\" class=\"preload-me lazy-load aspect\" src=\"data:image\/svg+xml,%3Csvg%20xmlns%3D&#39;http%3A%2F%2Fwww.w3.org%2F2000%2Fsvg&#39;%20viewBox%3D&#39;0%200%20390%20220&#39;%2F%3E\" data-src=\"https:\/\/ecole-musique-farkas.ch\/newsite\/wp-content\/uploads\/2019\/09\/cours-ingenieur-de-rap-390x220.png\" data-srcset=\"https:\/\/ecole-musique-farkas.ch\/newsite\/wp-content\/uploads\/2019\/09\/cours-ingenieur-de-rap-390x220.png 390w\" loading=\"eager\" style=\"--ratio: 390 \/ 220\" sizes=\"(max-width: 390px) 100vw, 390px\" width=\"390\" height=\"220\"  data-dt-location=\"https:\/\/ecole-musique-farkas.ch\/de\/cours-ingenieur-de-rap-2\/\" alt=\"\" \/><span class=\"rollover-icon Defaults-eye\"><\/span><\/a><\/div><\/div><\/div><div class=\"ult-spacer spacer-6a9665a3c528f\" data-id=\"6a9665a3c528f\" data-height=\"16\" data-height-mobile=\"16\" data-height-tab=\"16\" data-height-tab-portrait=\"\" data-height-mobile-landscape=\"\" style=\"clear:both;display:block;\"><\/div>[vc_column_text css=&#8221;.vc_custom_1649669034546{padding-right: 16px !important;padding-left: 16px !important;}&#8221;]<\/p>\n<p>Lernen Sie in einer freundlicher Atmosph\u00e4re, unterhaltsam Musik zu machen<\/p>\n<p>[\/vc_column_text][vc_btn title=&#8221;MEHR ERFAHREN +&#8221; color=&#8221;danger&#8221; align=&#8221;center&#8221; i_icon_fontawesome=&#8221;far fa-eye&#8221; add_icon=&#8221;true&#8221; link=&#8221;url:https%3A%2F%2Fecole-musique-farkas.ch%2Fcours09-19%2F|&#8221;][\/vc_column_inner][vc_column_inner width=&#8221;1\/3&#8243;]<div class=\"dt-fancy-separator h3-size title-color accent-border-color\" style=\"width: 100%;\"><div class=\"dt-fancy-title\"><span class=\"separator-holder separator-left\"><\/span>LIVE SHOWS W\u00c4HREND DEM GANZEN JAHR<span class=\"separator-holder separator-right\"><\/span><\/div><\/div><div class=\"ult-spacer spacer-6a9665a3c53c5\" data-id=\"6a9665a3c53c5\" data-height=\"16\" data-height-mobile=\"16\" data-height-tab=\"16\" data-height-tab-portrait=\"\" data-height-mobile-landscape=\"\" style=\"clear:both;display:block;\"><\/div><style type=\"text\/css\" data-type=\"the7_shortcodes-inline-css\">.shortcode-single-image-wrap.shortcode-single-image-a07a53bcfc709929df9c26e465ab1d8e.enable-bg-rollover .rollover i,\n.shortcode-single-image-wrap.shortcode-single-image-a07a53bcfc709929df9c26e465ab1d8e.enable-bg-rollover .rollover-video i {\n  background: -webkit-linear-gradient();\n  background: linear-gradient();\n}\n.shortcode-single-image-wrap.shortcode-single-image-a07a53bcfc709929df9c26e465ab1d8e .rollover-icon {\n  font-size: 70px;\n  color: rgba(255,255,255,0.59);\n  min-width: 70px;\n  min-height: 70px;\n  line-height: 70px;\n  border-radius: 100px;\n  border-style: solid;\n  border-width: 0px;\n}\n.dt-icon-bg-on.shortcode-single-image-wrap.shortcode-single-image-a07a53bcfc709929df9c26e465ab1d8e .rollover-icon {\n  background: rgba(255,255,255,0.3);\n  box-shadow: none;\n}<\/style><div class=\"shortcode-single-image-wrap shortcode-single-image-a07a53bcfc709929df9c26e465ab1d8e alignnone  vc_custom_1649669113594 enable-bg-rollover dt-icon-bg-off\" ><div class=\"shortcode-single-image\"><div class=\"fancy-media-wrap\" style=\"border-radius:10px;\"><a href=\"https:\/\/ecole-musique-farkas.ch\/news\/\" class=\" layzr-bg rollover\" style=\"border-radius:10px;\" aria-label=\"Image\"><img decoding=\"async\" class=\"preload-me lazy-load aspect\" src=\"data:image\/svg+xml,%3Csvg%20xmlns%3D&#39;http%3A%2F%2Fwww.w3.org%2F2000%2Fsvg&#39;%20viewBox%3D&#39;0%200%20390%20220&#39;%2F%3E\" data-src=\"https:\/\/ecole-musique-farkas.ch\/newsite\/wp-content\/uploads\/2019\/09\/music-band-playing-390x220.png\" data-srcset=\"https:\/\/ecole-musique-farkas.ch\/newsite\/wp-content\/uploads\/2019\/09\/music-band-playing-390x220.png 390w\" loading=\"eager\" style=\"--ratio: 390 \/ 220\" sizes=\"(max-width: 390px) 100vw, 390px\" width=\"390\" height=\"220\"  data-dt-location=\"https:\/\/ecole-musique-farkas.ch\/de\/cours09-19\/music-band-playing\/\" alt=\"\" \/><span class=\"rollover-icon Defaults-eye\"><\/span><\/a><\/div><\/div><\/div><div class=\"ult-spacer spacer-6a9665a3c7053\" data-id=\"6a9665a3c7053\" data-height=\"16\" data-height-mobile=\"16\" data-height-tab=\"16\" data-height-tab-portrait=\"\" data-height-mobile-landscape=\"\" style=\"clear:both;display:block;\"><\/div>[vc_column_text css=&#8221;.vc_custom_1649669042399{padding-right: 16px !important;padding-left: 16px !important;}&#8221;]<\/p>\n<p>Spielen Sie Solo &#8211; oder in Gruppen, und erleben Sie unvergessliche Momente<\/p>\n<p>[\/vc_column_text][vc_btn title=&#8221;MEHR ERFAHREN +&#8221; color=&#8221;danger&#8221; align=&#8221;center&#8221; i_icon_fontawesome=&#8221;far fa-eye&#8221; add_icon=&#8221;true&#8221; link=&#8221;url:https%3A%2F%2Fecole-musique-farkas.ch%2Fcours09-19%2F|&#8221;][\/vc_column_inner][\/vc_row_inner][\/vc_column][\/vc_row][vc_row][vc_column]<div class=\"ult-spacer spacer-6a9665a3c70e3\" data-id=\"6a9665a3c70e3\" data-height=\"20\" data-height-mobile=\"20\" data-height-tab=\"20\" data-height-tab-portrait=\"\" data-height-mobile-landscape=\"\" style=\"clear:both;display:block;\"><\/div>[\/vc_column][vc_column][vc_text_separator title=&#8221;&#8221; border_width=&#8221;10&#8243;]<section class=\"shortcode-teaser frame-on zoomIn animate-element\"><div class=\"shortcode-teaser-content text-big\"><p><a class=\"dt-pswp-item\" href=\"https:\/\/ecole-musique-farkas.ch\/newsite\/wp-content\/uploads\/2024\/07\/Bildschirmfoto-2024-07-16-um-21.26.22-1.png\" data-dt-img-description=\"\" data-large_image_width=\"674\" data-large_image_height=\"286\"><img loading=\"lazy\" decoding=\"async\" class=\" wp-image-3126 aligncenter\" src=\"https:\/\/ecole-musique-farkas.ch\/newsite\/wp-content\/uploads\/2024\/07\/Bildschirmfoto-2024-07-16-um-21.26.22-1-300x127.png\" alt=\"\" width=\"692\" height=\"293\" srcset=\"https:\/\/ecole-musique-farkas.ch\/newsite\/wp-content\/uploads\/2024\/07\/Bildschirmfoto-2024-07-16-um-21.26.22-1-300x127.png 300w, https:\/\/ecole-musique-farkas.ch\/newsite\/wp-content\/uploads\/2024\/07\/Bildschirmfoto-2024-07-16-um-21.26.22-1.png 674w\" sizes=\"auto, (max-width: 692px) 100vw, 692px\" \/><\/a><\/p>\n<p style=\"text-align: center;\">F\u00fcr alle unsere Sch\u00fcler!<\/p>\n<p style=\"text-align: center;\">Ein musikalisches Geschenk f\u00fcr Eltern, Gro\u00dfeltern oder Freunde?<\/p>\n<p style=\"text-align: center;\">M\u00f6chten Sie das Ihre Musikprojekte auf Plattformen wie YouTube, Spotify, Apple Music, Instagram, Facebook oder andere erscheinen?<\/p>\n<p style=\"text-align: center;\">Oder wollen Sie einfach eine hochwertige Aufnahme machen?<\/p>\n<p style=\"text-align: center;\">Nehmen Sie auf Ihre Kompositionen (pers\u00f6nliche Projekte) oder bestehende Songs (COVER Version).<\/p>\n<p style=\"text-align: center;\">Sie k\u00f6nnen mit anderen Sch\u00fclern, Lehrern, oder anderen K\u00fcnstlern zusammenarbeiten.<\/p>\n<p style=\"text-align: center;\">Die Aufnahmen werden von unseren Lehrern von: Sound Design, Sound Ingenieur und Musikproduktion aufgenommen und finalisiert.<\/p>\n<p style=\"text-align: center;\">Sie haben die Studio-infrastruktur und Ausr\u00fcstung zur Verf\u00fcgung.<\/p>\n<p style=\"text-align: center;\">Die Studioaufnahmen k\u00f6nnen gefilmt werden.<\/p>\n<p style=\"text-align: center;\">Die Aufnahme, Editieren (Bearbeitung), Mischen und Mastering werden im Studio der Musikschule gemacht an der<\/p>\n<p style=\"text-align: center;\">Route du Stadtberg 1, 1700 Freiburg.<\/p>\n<p style=\"text-align: center;\">F\u00fcr weitere Informationen kontaktieren Sie bitte: Paul Farkas, 076 388 83 63, admin@ecole- musique-farkas.ch<\/p>\n<\/div><\/section>[\/vc_column][\/vc_row][vc_row type=&#8221;3&#8243; margin_top=&#8221;32&#8243; margin_bottom=&#8221;32&#8243; padding_top=&#8221;32&#8243; padding_bottom=&#8221;32&#8243;][vc_column][vc_column_text]<\/p>\n<p>News !<\/p>\n<p>[\/vc_column_text][vc_row_inner equal_height=&#8221;yes&#8221; gap=&#8221;3&#8243;][vc_column_inner width=&#8221;1\/2&#8243;][vc_column_text css=&#8221;.vc_custom_1721830874796{border-top-width: 2px !important;border-right-width: 2px !important;border-bottom-width: 2px !important;border-left-width: 2px !important;padding-top: 12px !important;padding-right: 12px !important;padding-bottom: 12px !important;padding-left: 12px !important;border-left-style: dashed !important;border-right-style: dashed !important;border-top-style: dashed !important;border-bottom-style: dashed !important;border-radius: 10px !important;border-color: #f9f9f9 !important;}&#8221;]Neu im 2024<a class=\"dt-pswp-item\" href=\"https:\/\/ecole-musique-farkas.ch\/newsite\/wp-content\/uploads\/2021\/10\/IMG_0348-Kopie-scaled.jpg\" data-dt-img-description=\"\" data-large_image_width=\"1579\" data-large_image_height=\"2560\"><img loading=\"lazy\" decoding=\"async\" class=\"size-medium wp-image-3111 alignleft\" src=\"https:\/\/ecole-musique-farkas.ch\/newsite\/wp-content\/uploads\/2021\/10\/IMG_0348-Kopie-185x300.jpg\" alt=\"\" width=\"185\" height=\"300\" srcset=\"https:\/\/ecole-musique-farkas.ch\/newsite\/wp-content\/uploads\/2021\/10\/IMG_0348-Kopie-185x300.jpg 185w, https:\/\/ecole-musique-farkas.ch\/newsite\/wp-content\/uploads\/2021\/10\/IMG_0348-Kopie-632x1024.jpg 632w, https:\/\/ecole-musique-farkas.ch\/newsite\/wp-content\/uploads\/2021\/10\/IMG_0348-Kopie-768x1245.jpg 768w, https:\/\/ecole-musique-farkas.ch\/newsite\/wp-content\/uploads\/2021\/10\/IMG_0348-Kopie-948x1536.jpg 948w, https:\/\/ecole-musique-farkas.ch\/newsite\/wp-content\/uploads\/2021\/10\/IMG_0348-Kopie-1263x2048.jpg 1263w, https:\/\/ecole-musique-farkas.ch\/newsite\/wp-content\/uploads\/2021\/10\/IMG_0348-Kopie-scaled.jpg 1579w\" sizes=\"auto, (max-width: 185px) 100vw, 185px\" \/><\/a> Kurse in Human beatbox. R\u00e9mi bietet Ihnen Unterricht in Beatbox (A-cappella-Musik) an. Der Sch\u00fcler lernt, Schlagzeug und andere Instrumente a cappella zu imitieren. Anschlie\u00dfend nutzt er diese Techniken, um Rhythmen aller Art zu kreieren und zu reproduzieren. Koordination, Atmung und Improvisation werden in diesem Kurs gelehrt. Der Sch\u00fcler kann verschiedene elektronische Hilfsmittel (Looper etc.) verwenden, um weitere M\u00f6glichkeiten dieser Disziplin zu erkunden.      <\/p>\n<p style=\"font-weight: 400;\">Weitere Informationen: 076 388 83 63 und das Kontaktformular &gt;<\/p>\n<p>[\/vc_column_text][\/vc_column_inner][vc_column_inner width=&#8221;1\/2&#8243;][vc_column_text css=&#8221;.vc_custom_1721831094645{border-top-width: 2px !important;border-right-width: 2px !important;border-bottom-width: 2px !important;border-left-width: 2px !important;padding-top: 12px !important;padding-right: 12px !important;padding-bottom: 12px !important;padding-left: 12px !important;border-left-style: dashed !important;border-right-style: dashed !important;border-top-style: dashed !important;border-bottom-style: dashed !important;border-radius: 10px !important;border-color: #f9f9f9 !important;}&#8221;]<a class=\"dt-pswp-item\" href=\"https:\/\/ecole-musique-farkas.ch\/newsite\/wp-content\/uploads\/2024\/07\/WhatsApp-Image-2024-05-21-at-20.23.53-1.jpeg\" data-dt-img-description=\"\" data-large_image_width=\"642\" data-large_image_height=\"642\"><img loading=\"lazy\" decoding=\"async\" class=\" wp-image-3116 alignleft\" src=\"https:\/\/ecole-musique-farkas.ch\/newsite\/wp-content\/uploads\/2024\/07\/WhatsApp-Image-2024-05-21-at-20.23.53-1-300x300.jpeg\" alt=\"\" width=\"244\" height=\"244\" srcset=\"https:\/\/ecole-musique-farkas.ch\/newsite\/wp-content\/uploads\/2024\/07\/WhatsApp-Image-2024-05-21-at-20.23.53-1-300x300.jpeg 300w, https:\/\/ecole-musique-farkas.ch\/newsite\/wp-content\/uploads\/2024\/07\/WhatsApp-Image-2024-05-21-at-20.23.53-1-150x150.jpeg 150w, https:\/\/ecole-musique-farkas.ch\/newsite\/wp-content\/uploads\/2024\/07\/WhatsApp-Image-2024-05-21-at-20.23.53-1.jpeg 642w\" sizes=\"auto, (max-width: 244px) 100vw, 244px\" \/><\/a> Neu in 2024 Handpan-Kurs Alexia erkundet das wundersch\u00f6ne Instrument Handpan und die unendlichen M\u00f6glichkeiten, die es bietet. Die Handpan wurde vor etwa 20 Jahren in der Schweiz erfunden und ist ein Instrument mit einem runden, weichen Klang, das den Raum mit seinen vielf\u00e4ltigen Frequenzen erf\u00fcllt. Weitere Informationen: 076 388 83 63 und Kontaktformular   &gt;[\/vc_column_text][\/vc_column_inner][\/vc_row_inner][vc_row_inner equal_height=&#8221;yes&#8221; gap=&#8221;3&#8243;][vc_column_inner width=&#8221;1\/2&#8243;][vc_single_image image=&#8221;1981&#8243; img_size=&#8221;full&#8221; css=&#8221;&#8221;][vc_column_text css=&#8221;.vc_custom_1721837243973{border-top-width: 2px !important;border-right-width: 2px !important;border-bottom-width: 2px !important;border-left-width: 2px !important;padding-top: 12px !important;padding-right: 12px !important;padding-bottom: 12px !important;padding-left: 12px !important;border-left-style: dashed !important;border-right-style: dashed !important;border-top-style: dashed !important;border-bottom-style: dashed !important;border-radius: 10px !important;border-color: #f9f9f9 !important;}&#8221;]Neu seit 2023 Unsere BEATMAKER \/ MUSICAL PRODUCTION  DJ Kurse mit unserem Lehrer DAVID. Lehrer anzeigen Weitere Informationen: 076 388 83 63 und Kontaktformular[\/vc_column_text][\/vc_column_inner][vc_column_inner width=&#8221;1\/2&#8243;][vc_column_text css=&#8221;&#8221;]Neu ab 2021 Unsere Sch\u00fclerinnen und Sch\u00fcler haben die M\u00f6glichkeit, ihre eigenen Produktionen im schuleigenen Tonstudio zu produzieren. Weitere Informationen: 076 388 83 63 und Kontaktformular  &gt;[\/vc_column_text][\/vc_column_inner][\/vc_row_inner][\/vc_column][\/vc_row][vc_row margin_top=&#8221;24&#8243; margin_bottom=&#8221;64&#8243; css=&#8221;.vc_custom_1581705156584{margin-bottom: 64px !important;}&#8221;][vc_column][vc_cta h2=&#8221;M\u00f6chten Sie sich Anmelden oder weitere Informationen erhalten?&#8221; h2_font_container=&#8221;font_size:28&#8243; h2_google_fonts=&#8221;font_family:Open%20Sans%3A300%2C300italic%2Cregular%2Citalic%2C600%2C600italic%2C700%2C700italic%2C800%2C800italic|font_style:400%20regular%3A400%3Anormal&#8221; h4=&#8221;Kontaktieren Sie uns telefonisch oder f\u00fcllen Sie unser Formular aus&#8221; h4_font_container=&#8221;color:%23606060&#8243; h4_google_fonts=&#8221;font_family:Open%20Sans%3A300%2C300italic%2Cregular%2Citalic%2C600%2C600italic%2C700%2C700italic%2C800%2C800italic|font_style:400%20regular%3A400%3Anormal&#8221; add_button=&#8221;right&#8221; btn_title=&#8221;Kontaktformular&#8221; btn_color=&#8221;juicy-pink&#8221; btn_i_icon_fontawesome=&#8221;fa fa-music&#8221; css_animation=&#8221;appear&#8221; use_custom_fonts_h2=&#8221;true&#8221; use_custom_fonts_h4=&#8221;true&#8221; btn_add_icon=&#8221;true&#8221; btn_link=&#8221;url:http%3A%2F%2Fecole-musique-farkas.ch%2Fnewsite%2Fcontact%2F|&#8221;]F\u00fcr alle Informationen betreffend unsere Kurse, Sie k\u00f6nnen uns telefonisch oder \u00fcber unser Online-Formular kontaktieren[\/vc_cta][\/vc_column][\/vc_row][vc_row type=&#8221;3&#8243; margin_top=&#8221;8&#8243; margin_bottom=&#8221;64&#8243; padding_top=&#8221;32&#8243; padding_bottom=&#8221;32&#8243; css=&#8221;.vc_custom_1570735093227{margin-bottom: 64px !important;}&#8221;][vc_column el_class=&#8221;Nouveau&#8221;][vc_column_text css=&#8221;&#8221;]<\/p>\n<p style=\"text-align: center;\">Neu! Studiengang Musikdesign (Komposition  CAM  Produktion) <\/p>\n<p>[\/vc_column_text][vc_single_image image=&#8221;1328&#8243; img_size=&#8221;500&#215;300&#8243; alignment=&#8221;center&#8221;][vc_row_inner][vc_column_inner width=&#8221;1\/4&#8243;][\/vc_column_inner][vc_column_inner width=&#8221;1\/2&#8243;][vc_column_text]<\/p>\n<p>M\u00f6chten Sie Ihr Wissen \u00fcber Pro Tools, Cubase, Nuendo, Logic Pro, Ableton, Digital Performer, Native Instruments und andere erweitern?<\/p>\n<p>[\/vc_column_text][\/vc_column_inner][vc_column_inner width=&#8221;1\/4&#8243;][\/vc_column_inner][\/vc_row_inner][vc_btn title=&#8221;Mehr Info&#8221; color=&#8221;pink&#8221; align=&#8221;center&#8221; i_icon_fontawesome=&#8221;fa fa-share&#8221; css=&#8221;.vc_custom_1568617928302{margin-top: 16px !important;margin-bottom: 16px !important;}&#8221; add_icon=&#8221;true&#8221; link=&#8221;url:https%3A%2F%2Fecole-musique-farkas.ch%2Fateliers-masterclass%2F|&#8221;][\/vc_column][\/vc_row]<\/p>\n<\/div>","protected":false},"excerpt":{"rendered":"<p>[vc_row type=&#8221;vc_default&#8221; css=&#8221;.vc_custom_1651002866025{margin-top: 24px !important;}&#8221;][vc_column][vc_cta h2=&#8221;Live Konzert in der Musikschule Farkas&#8221; h4=&#8221;Kommen Sie zahlreich&#8221; txt_align=&#8221;center&#8221; style=&#8221;outline&#8221; color=&#8221;black&#8221; el_width=&#8221;xl&#8221; add_button=&#8221;bottom&#8221; btn_title=&#8221;MEHR ERFAHREN +&#8221; btn_style=&#8221;3d&#8221; btn_color=&#8221;danger&#8221; btn_size=&#8221;lg&#8221; btn_align=&#8221;center&#8221; btn_css_animation=&#8221;none&#8221; add_icon=&#8221;top&#8221; i_icon_fontawesome=&#8221;fas fa-music&#8221; i_color=&#8221;custom&#8221; i_size=&#8221;xl&#8221; css=&#8221;.vc_custom_1721823273328{border-top-width: 6px !important;border-right-width: 6px !important;border-bottom-width: 6px !important;border-left-width: 6px !important;padding-top: 16px !important;padding-right: 16px !important;padding-bottom: 16px !important;padding-left: 16px !important;background-color: #ffcccc !important;border-left-style: dotted !important;border-right-style: dotted !important;border-top-style:&hellip;<\/p>\n","protected":false},"author":1,"featured_media":0,"parent":0,"menu_order":0,"comment_status":"closed","ping_status":"closed","template":"","meta":{"h5ap_radio_sources":[],"footnotes":""},"class_list":["post-3141","page","type-page","status-publish","hentry","description-off"],"_links":{"self":[{"href":"https:\/\/ecole-musique-farkas.ch\/de\/wp-json\/wp\/v2\/pages\/3141","targetHints":{"allow":["GET"]}}],"collection":[{"href":"https:\/\/ecole-musique-farkas.ch\/de\/wp-json\/wp\/v2\/pages"}],"about":[{"href":"https:\/\/ecole-musique-farkas.ch\/de\/wp-json\/wp\/v2\/types\/page"}],"author":[{"embeddable":true,"href":"https:\/\/ecole-musique-farkas.ch\/de\/wp-json\/wp\/v2\/users\/1"}],"replies":[{"embeddable":true,"href":"https:\/\/ecole-musique-farkas.ch\/de\/wp-json\/wp\/v2\/comments?post=3141"}],"version-history":[{"count":4,"href":"https:\/\/ecole-musique-farkas.ch\/de\/wp-json\/wp\/v2\/pages\/3141\/revisions"}],"predecessor-version":[{"id":3147,"href":"https:\/\/ecole-musique-farkas.ch\/de\/wp-json\/wp\/v2\/pages\/3141\/revisions\/3147"}],"wp:attachment":[{"href":"https:\/\/ecole-musique-farkas.ch\/de\/wp-json\/wp\/v2\/media?parent=3141"}],"curies":[{"name":"wp","href":"https:\/\/api.w.org\/{rel}","templated":true}]}}